{"id":863,"date":"2017-03-06T16:00:49","date_gmt":"2017-03-06T15:00:49","guid":{"rendered":"https:\/\/black-bikes.com\/bike\/pedal-brake-bike\/"},"modified":"2025-03-02T11:06:19","modified_gmt":"2025-03-02T10:06:19","slug":"velo-frein-retropedalage","status":"publish","type":"bike","link":"https:\/\/black-bikes.com\/fr\/louer-un-velo\/velo-frein-retropedalage\/","title":{"rendered":"Louez un v\u00e9lo avec frein \u00e0 r\u00e9trop\u00e9dalage"},"content":{"rendered":"<h2>V\u00e9lo\u00a0\u00e0\u00a0r\u00e9trop\u00e9dalage<\/h2>\r\n<img loading=\"lazy\" decoding=\"async\" class=\"alignnone wp-image-56148 size-full\" src=\"https:\/\/black-bikes.com\/wp-content\/uploads\/2017\/03\/pedal-kids-FR.png\" alt=\"\" width=\"806\" height=\"280\" srcset=\"https:\/\/black-bikes.com\/wp-content\/uploads\/2017\/03\/pedal-kids-FR.png 806w, https:\/\/black-bikes.com\/wp-content\/uploads\/2017\/03\/pedal-kids-FR-768x267.png 768w, https:\/\/black-bikes.com\/wp-content\/uploads\/2017\/03\/pedal-kids-FR-232x81.png 232w, https:\/\/black-bikes.com\/wp-content\/uploads\/2017\/03\/pedal-kids-FR-465x162.png 465w, https:\/\/black-bikes.com\/wp-content\/uploads\/2017\/03\/pedal-kids-FR-50x17.png 50w, https:\/\/black-bikes.com\/wp-content\/uploads\/2017\/03\/pedal-kids-FR-250x87.png 250w, https:\/\/black-bikes.com\/wp-content\/uploads\/2017\/03\/pedal-kids-FR-150x52.png 150w, https:\/\/black-bikes.com\/wp-content\/uploads\/2017\/03\/pedal-kids-FR-25x9.png 25w\" sizes=\"auto, (max-width: 806px) 100vw, 806px\" \/>\r\n\r\n<hr \/>\r\n\r\n<h3>Louez un v\u00e9lo de frein de caboteur<\/h3>\r\nAvez-vous toujours eu envie de faire un tour sur un v\u00e9lo sous-verre de location? C'est votre chance maintenant avec la location de v\u00e9los de frein de caboteur de Black Bikes!\r\n\r\nLe v\u00e9lo de frein de caboteur est un v\u00e9lo bien connu aux Pays-Bas. Pr\u00e8s de 50% de tous les v\u00e9los aux Pays-Bas sont des v\u00e9los de frein de caboteur. C'est pourquoi Black Bikes loue aussi des v\u00e9los avec des freins de caboteur!\r\n\r\nPartez \u00e0 l'aventure avec les v\u00e9los de location de Black Bikes. Prenez votre v\u00e9lo de location sur l'un des ferries gratuits de l'autre c\u00f4t\u00e9 de la rivi\u00e8re IJ et visitez la campagne au nord d'Amsterdam! Ou simplement faire une longue promenade le long de la belle rivi\u00e8re Amstel jusqu'au village d'Ouderkerk. Vous pouvez tout faire avec votre v\u00e9lo de location Black Bikes!\r\n\r\n<span class=\"Y2IQFc\" lang=\"fr\">Ce v\u00e9lo n'est pas disponible pour les r\u00e9servations.<\/span>\r\n<h4>Assurance<\/h4>\r\nAssurance pour vol et dommages:\r\n<ul>\r\n \t<li>3 hrs: \u20ac 4,25<\/li>\r\n \t<li>24 hrs: \u20ac 5,49<\/li>\r\n<\/ul>\r\n<h4 style=\"margin-top: 25px!important;\">Le n\u00e9cessaire pour louer<\/h4>\r\nUne pi\u00e8ce d'identit\u00e9, un passeport ou un permis de conduire valide\r\n<h4>Sp\u00e9cificit\u00e9s<\/h4>\r\n<ul>\r\n \t<li>Frein\u00a0r\u00e9trop\u00e9dalage<\/li>\r\n \t<li>Siege ajustable<\/li>\r\n \t<li>Deux cadenas de haute qualit\u00e9<\/li>\r\n<\/ul>","protected":false},"excerpt":{"rendered":"<p>\u20ac7,50 pour 3 heures<\/p>\n","protected":false},"featured_media":602,"parent":0,"menu_order":92,"comment_status":"closed","ping_status":"closed","template":"","meta":{"_acf_changed":false,"footnotes":""},"city":[116,118,119,117],"class_list":["post-863","bike","type-bike","status-publish","has-post-thumbnail","hentry","city-amsterdam-fr","city-utrecht-fr","city-haarlem-fr","city-den-haag-fr"],"acf":[],"_links":{"self":[{"href":"https:\/\/black-bikes.com\/fr\/wp-json\/wp\/v2\/bike\/863","targetHints":{"allow":["GET"]}}],"collection":[{"href":"https:\/\/black-bikes.com\/fr\/wp-json\/wp\/v2\/bike"}],"about":[{"href":"https:\/\/black-bikes.com\/fr\/wp-json\/wp\/v2\/types\/bike"}],"replies":[{"embeddable":true,"href":"https:\/\/black-bikes.com\/fr\/wp-json\/wp\/v2\/comments?post=863"}],"version-history":[{"count":13,"href":"https:\/\/black-bikes.com\/fr\/wp-json\/wp\/v2\/bike\/863\/revisions"}],"predecessor-version":[{"id":65806,"href":"https:\/\/black-bikes.com\/fr\/wp-json\/wp\/v2\/bike\/863\/revisions\/65806"}],"wp:featuredmedia":[{"embeddable":true,"href":"https:\/\/black-bikes.com\/fr\/wp-json\/wp\/v2\/media\/602"}],"wp:attachment":[{"href":"https:\/\/black-bikes.com\/fr\/wp-json\/wp\/v2\/media?parent=863"}],"wp:term":[{"taxonomy":"city","embeddable":true,"href":"https:\/\/black-bikes.com\/fr\/wp-json\/wp\/v2\/city?post=863"}],"curies":[{"name":"wp","href":"https:\/\/api.w.org\/{rel}","templated":true}]}}